{"version":"1.0","provider_name":"CidadeMarketing","provider_url":"https:\/\/www.cidademarketing.com.br\/marketing","author_name":"Thales Brand\u00e3o","author_url":"https:\/\/www.cidademarketing.com.br\/marketing\/author\/thalesbrandao\/","title":"Renault: A voz dos ve\u00edculos el\u00e9tricos - CidadeMarketing","type":"rich","width":600,"height":338,"html":"<blockquote class=\"wp-embedded-content\" data-secret=\"BPTqe9AYp3\"><a href=\"https:\/\/www.cidademarketing.com.br\/marketing\/2021\/06\/30\/renault-a-voz-dos-veiculos-eletricos\/\">Renault: A voz dos ve\u00edculos el\u00e9tricos<\/a><\/blockquote><iframe sandbox=\"allow-scripts\" security=\"restricted\" src=\"https:\/\/www.cidademarketing.com.br\/marketing\/2021\/06\/30\/renault-a-voz-dos-veiculos-eletricos\/embed\/#?secret=BPTqe9AYp3\" width=\"600\" height=\"338\" title=\"&#8220;Renault: A voz dos ve\u00edculos el\u00e9tricos&#8221; &#8212; CidadeMarketing\" data-secret=\"BPTqe9AYp3\" frameborder=\"0\" marginwidth=\"0\" marginheight=\"0\" scrolling=\"no\" class=\"wp-embedded-content\"><\/iframe><script type=\"text\/javascript\">\n\/* <![CDATA[ *\/\n\/*! This file is auto-generated *\/\n!function(d,l){\"use strict\";l.querySelector&&d.addEventListener&&\"undefined\"!=typeof URL&&(d.wp=d.wp||{},d.wp.receiveEmbedMessage||(d.wp.receiveEmbedMessage=function(e){var t=e.data;if((t||t.secret||t.message||t.value)&&!\/[^a-zA-Z0-9]\/.test(t.secret)){for(var s,r,n,a=l.querySelectorAll('iframe[data-secret=\"'+t.secret+'\"]'),o=l.querySelectorAll('blockquote[data-secret=\"'+t.secret+'\"]'),c=new RegExp(\"^https?:$\",\"i\"),i=0;i<o.length;i++)o[i].style.display=\"none\";for(i=0;i<a.length;i++)s=a[i],e.source===s.contentWindow&&(s.removeAttribute(\"style\"),\"height\"===t.message?(1e3<(r=parseInt(t.value,10))?r=1e3:~~r<200&&(r=200),s.height=r):\"link\"===t.message&&(r=new URL(s.getAttribute(\"src\")),n=new URL(t.value),c.test(n.protocol))&&n.host===r.host&&l.activeElement===s&&(d.top.location.href=t.value))}},d.addEventListener(\"message\",d.wp.receiveEmbedMessage,!1),l.addEventListener(\"DOMContentLoaded\",function(){for(var e,t,s=l.querySelectorAll(\"iframe.wp-embedded-content\"),r=0;r<s.length;r++)(t=(e=s[r]).getAttribute(\"data-secret\"))||(t=Math.random().toString(36).substring(2,12),e.src+=\"#?secret=\"+t,e.setAttribute(\"data-secret\",t)),e.contentWindow.postMessage({message:\"ready\",secret:t},\"*\")},!1)))}(window,document);\n\/\/# sourceURL=https:\/\/www.cidademarketing.com.br\/marketing\/wp-includes\/js\/wp-embed.min.js\n\/* ]]> *\/\n<\/script>\n","thumbnail_url":"https:\/\/www.cidademarketing.com.br\/marketing\/wp-content\/uploads\/2021\/06\/renault_carroseletricos.jpg","thumbnail_width":1060,"thumbnail_height":596,"description":"Pode parecer um paradoxo agregar um som a um ve\u00edculo el\u00e9trico que \u00e9 silencioso por natureza e, portanto, virtuoso do ponto de vista do ambiente sonoro. Entretanto, isso \u00e9 necess\u00e1rio por raz\u00f5es de seguran\u00e7a. Sem um som de alerta externo, os pedestres n\u00e3o ouviriam um ve\u00edculo el\u00e9trico se aproximando em baixa velocidade. Os condutores tamb\u00e9m [&hellip;]"}