{"version":"1.0","provider_name":"CidadeMarketing","provider_url":"https:\/\/www.cidademarketing.com.br\/marketing","author_name":"Thales Brand\u00e3o","author_url":"https:\/\/www.cidademarketing.com.br\/marketing\/author\/thalesbrandao\/","title":"Jabuti prorroga prazo de inscri\u00e7\u00f5es - CidadeMarketing","type":"rich","width":600,"height":338,"html":"<blockquote class=\"wp-embedded-content\" data-secret=\"2PsToyYQ4N\"><a href=\"https:\/\/www.cidademarketing.com.br\/marketing\/2020\/05\/11\/jabuti-prorroga-prazo-de-inscricoes\/\">Jabuti prorroga prazo de inscri\u00e7\u00f5es<\/a><\/blockquote><iframe sandbox=\"allow-scripts\" security=\"restricted\" src=\"https:\/\/www.cidademarketing.com.br\/marketing\/2020\/05\/11\/jabuti-prorroga-prazo-de-inscricoes\/embed\/#?secret=2PsToyYQ4N\" width=\"600\" height=\"338\" title=\"&#8220;Jabuti prorroga prazo de inscri\u00e7\u00f5es&#8221; &#8212; CidadeMarketing\" data-secret=\"2PsToyYQ4N\" frameborder=\"0\" marginwidth=\"0\" marginheight=\"0\" scrolling=\"no\" class=\"wp-embedded-content\"><\/iframe><script type=\"text\/javascript\">\n\/* <![CDATA[ *\/\n\/*! This file is auto-generated *\/\n!function(d,l){\"use strict\";l.querySelector&&d.addEventListener&&\"undefined\"!=typeof URL&&(d.wp=d.wp||{},d.wp.receiveEmbedMessage||(d.wp.receiveEmbedMessage=function(e){var t=e.data;if((t||t.secret||t.message||t.value)&&!\/[^a-zA-Z0-9]\/.test(t.secret)){for(var s,r,n,a=l.querySelectorAll('iframe[data-secret=\"'+t.secret+'\"]'),o=l.querySelectorAll('blockquote[data-secret=\"'+t.secret+'\"]'),c=new RegExp(\"^https?:$\",\"i\"),i=0;i<o.length;i++)o[i].style.display=\"none\";for(i=0;i<a.length;i++)s=a[i],e.source===s.contentWindow&&(s.removeAttribute(\"style\"),\"height\"===t.message?(1e3<(r=parseInt(t.value,10))?r=1e3:~~r<200&&(r=200),s.height=r):\"link\"===t.message&&(r=new URL(s.getAttribute(\"src\")),n=new URL(t.value),c.test(n.protocol))&&n.host===r.host&&l.activeElement===s&&(d.top.location.href=t.value))}},d.addEventListener(\"message\",d.wp.receiveEmbedMessage,!1),l.addEventListener(\"DOMContentLoaded\",function(){for(var e,t,s=l.querySelectorAll(\"iframe.wp-embedded-content\"),r=0;r<s.length;r++)(t=(e=s[r]).getAttribute(\"data-secret\"))||(t=Math.random().toString(36).substring(2,12),e.src+=\"#?secret=\"+t,e.setAttribute(\"data-secret\",t)),e.contentWindow.postMessage({message:\"ready\",secret:t},\"*\")},!1)))}(window,document);\n\/\/# sourceURL=https:\/\/www.cidademarketing.com.br\/marketing\/wp-includes\/js\/wp-embed.min.js\n\/* ]]> *\/\n<\/script>\n","thumbnail_url":"https:\/\/www.cidademarketing.com.br\/marketing\/wp-content\/uploads\/2020\/05\/jabuti.jpg","thumbnail_width":261,"thumbnail_height":141,"description":"Na semana passada, o grupo Juntos pelo Livro, que re\u00fane mais de uma centena de editores, enviou carta \u00e0 C\u00e2mara Brasileira do Livro (CBL) pedindo mais prazo e diminui\u00e7\u00e3o das taxas de inscri\u00e7\u00f5es no Pr\u00eamio Jabuti, que em 2020 chega a sua 62\u00aa edi\u00e7\u00e3o. A CBL resolveu conceder mais prazo e, agora, os interessados em [&hellip;]"}